{"id":1495,"date":"2024-02-28T10:00:19","date_gmt":"2024-02-28T09:00:19","guid":{"rendered":"https:\/\/bebvistalago.it\/appartamenti\/"},"modified":"2024-04-04T13:56:01","modified_gmt":"2024-04-04T11:56:01","slug":"appartements","status":"publish","type":"page","link":"https:\/\/bebvistalago.it\/de\/appartements\/","title":{"rendered":"Appartements"},"content":{"rendered":"<section class=\"l-section wpb_row height_medium with_img\"><div class=\"l-section-img\" role=\"img\" data-img-width=\"2560\" data-img-height=\"1920\" style=\"background-image: url(https:\/\/bebvistalago.it\/wp-content\/uploads\/2024\/03\/image00017-e-scaled.jpg);background-repeat: no-repeat;\"><\/div><div class=\"l-section-h i-cf\"><div class=\"g-cols vc_row via_grid cols_1 laptops-cols_inherit tablets-cols_inherit mobiles-cols_1 valign_bottom type_default stacking_default\"><div class=\"wpb_column vc_column_container\"><div class=\"vc_column-inner\"><div class=\"w-separator size_custom\" style=\"height:60vh\"><\/div><div class=\"wpb_text_column us_custom_3ee83d8e has_text_color us_animate_this\"><div class=\"wpb_wrapper\"><h2 style=\"text-align: center;\">Appartements<\/h2>\n<\/div><\/div><\/div><\/div><\/div><\/div><\/section><section class=\"l-section wpb_row us_custom_e9d955bf height_medium\"><div class=\"l-section-h i-cf\"><div class=\"g-cols vc_row via_grid cols_1 laptops-cols_inherit tablets-cols_inherit mobiles-cols_1 valign_top type_default stacking_default\"><div class=\"wpb_column vc_column_container\"><div class=\"vc_column-inner\"><div class=\"w-separator size_medium\"><\/div><div class=\"wpb_text_column us_custom_6c21c073 us_animate_this\"><div class=\"wpb_wrapper\"><h2>Casa Selene<\/h2>\n<\/div><\/div><div class=\"w-separator size_medium with_line width_50 thick_2 style_solid color_border align_left\"><div class=\"w-separator-h\"><\/div><\/div><div class=\"wpb_text_column\"><div class=\"wpb_wrapper\"><h4>Gelegen in der \u201eResidence Mirena\u201c in der Gemeinde Tignale, Via Pineta 11<\/h4>\n<\/div><\/div><div class=\"w-separator size_small\"><\/div><div class=\"wpb_text_column\"><div class=\"wpb_wrapper\"><p><a href=\"https:\/\/www.google.com\/maps\/dir\/\/Via+Pineta,+11,+25080+Gardola+BS\/@45.7425247,10.6366328,12z\/data=!4m8!4m7!1m0!1m5!1m1!1s0x47821f9e1ede0c29:0x29654dc57129130e!2m2!1d10.7190334!2d45.7425543?entry=ttu\" target=\"_blank\" rel=\"noopener\"><strong>Karte ansehen<\/strong><\/a><\/p>\n<\/div><\/div><div class=\"w-separator size_huge\"><\/div><div class=\"w-separator hide_on_default hide_on_laptops size_huge\"><\/div><\/div><\/div><\/div><\/div><\/section><section class=\"l-section wpb_row us_custom_3e0ac4ee height_medium\"><div class=\"l-section-h i-cf\"><div class=\"g-cols vc_row via_grid cols_7-5 laptops-cols_inherit tablets-cols_inherit mobiles-cols_1 valign_top type_default stacking_default\"><div class=\"wpb_column vc_column_container\"><div class=\"vc_column-inner\"><div class=\"w-separator hide_on_default hide_on_laptops hide_on_tablets size_huge\"><\/div><div class=\"w-slider style_none fit_scaledown nav_dots count_9\"><div class=\"w-slider-h\"><div class=\"royalSlider\"><div class=\"rsContent\"><a class=\"rsImg\" data-rsw=\"1024\" data-rsh=\"768\" data-rsBigImg=\"https:\/\/bebvistalago.it\/wp-content\/uploads\/2024\/03\/image00007-e-scaled.jpg\" href=\"https:\/\/bebvistalago.it\/wp-content\/uploads\/2024\/03\/image00007-e-1024x768.jpg\"><span data-alt=\"\"><\/span><\/a><\/div><div class=\"rsContent\"><a class=\"rsImg\" data-rsw=\"1024\" data-rsh=\"768\" data-rsBigImg=\"https:\/\/bebvistalago.it\/wp-content\/uploads\/2024\/03\/image00015-e-scaled.jpg\" href=\"https:\/\/bebvistalago.it\/wp-content\/uploads\/2024\/03\/image00015-e-1024x768.jpg\"><span data-alt=\"\"><\/span><\/a><\/div><div class=\"rsContent\"><a class=\"rsImg\" data-rsw=\"1024\" data-rsh=\"768\" data-rsBigImg=\"https:\/\/bebvistalago.it\/wp-content\/uploads\/2024\/03\/image00014-e-scaled.jpg\" href=\"https:\/\/bebvistalago.it\/wp-content\/uploads\/2024\/03\/image00014-e-1024x768.jpg\"><span data-alt=\"\"><\/span><\/a><\/div><div class=\"rsContent\"><a class=\"rsImg\" data-rsw=\"1024\" data-rsh=\"768\" data-rsBigImg=\"https:\/\/bebvistalago.it\/wp-content\/uploads\/2024\/03\/image00009-e-scaled.jpg\" href=\"https:\/\/bebvistalago.it\/wp-content\/uploads\/2024\/03\/image00009-e-1024x768.jpg\"><span data-alt=\"\"><\/span><\/a><\/div><div class=\"rsContent\"><a class=\"rsImg\" data-rsw=\"1024\" data-rsh=\"768\" data-rsBigImg=\"https:\/\/bebvistalago.it\/wp-content\/uploads\/2024\/03\/image00011-e-scaled.jpg\" href=\"https:\/\/bebvistalago.it\/wp-content\/uploads\/2024\/03\/image00011-e-1024x768.jpg\"><span data-alt=\"\"><\/span><\/a><\/div><div class=\"rsContent\"><a class=\"rsImg\" data-rsw=\"1024\" data-rsh=\"768\" data-rsBigImg=\"https:\/\/bebvistalago.it\/wp-content\/uploads\/2024\/03\/image00003-e-scaled.jpg\" href=\"https:\/\/bebvistalago.it\/wp-content\/uploads\/2024\/03\/image00003-e-1024x768.jpg\"><span data-alt=\"\"><\/span><\/a><\/div><div class=\"rsContent\"><a class=\"rsImg\" data-rsw=\"1024\" data-rsh=\"768\" data-rsBigImg=\"https:\/\/bebvistalago.it\/wp-content\/uploads\/2024\/03\/image00002-e-scaled.jpg\" href=\"https:\/\/bebvistalago.it\/wp-content\/uploads\/2024\/03\/image00002-e-1024x768.jpg\"><span data-alt=\"\"><\/span><\/a><\/div><div class=\"rsContent\"><a class=\"rsImg\" data-rsw=\"1024\" data-rsh=\"768\" data-rsBigImg=\"https:\/\/bebvistalago.it\/wp-content\/uploads\/2024\/03\/image00017-e-scaled.jpg\" href=\"https:\/\/bebvistalago.it\/wp-content\/uploads\/2024\/03\/image00017-e-1024x768.jpg\"><span data-alt=\"\"><\/span><\/a><\/div><div class=\"rsContent\"><a class=\"rsImg\" data-rsw=\"1024\" data-rsh=\"768\" data-rsBigImg=\"https:\/\/bebvistalago.it\/wp-content\/uploads\/2024\/03\/image00006-e-scaled.jpg\" href=\"https:\/\/bebvistalago.it\/wp-content\/uploads\/2024\/03\/image00006-e-1024x768.jpg\"><span data-alt=\"\"><\/span><\/a><\/div><\/div><img decoding=\"async\" src=\"https:\/\/bebvistalago.it\/wp-content\/uploads\/2024\/03\/image00007-e-1024x768.jpg\" width=\"1024\" height=\"768\" alt loading=\"lazy\"><\/div><div class=\"w-slider-json\" onclick='return {&quot;autoScaleSlider&quot;:true,&quot;addActiveClass&quot;:true,&quot;loop&quot;:true,&quot;fadeInLoadedSlide&quot;:false,&quot;slidesSpacing&quot;:0,&quot;imageScalePadding&quot;:0,&quot;numImagesToPreload&quot;:2,&quot;arrowsNav&quot;:true,&quot;arrowsNavAutoHide&quot;:false,&quot;transitionType&quot;:&quot;move&quot;,&quot;transitionSpeed&quot;:250,&quot;block&quot;:{&quot;moveEffect&quot;:&quot;none&quot;,&quot;speed&quot;:300},&quot;thumbs&quot;:{&quot;fitInViewport&quot;:false,&quot;firstMargin&quot;:false,&quot;spacing&quot;:4},&quot;controlNavigation&quot;:&quot;bullets&quot;,&quot;fullscreen&quot;:{&quot;enabled&quot;:true},&quot;autoScaleSliderWidth&quot;:1024,&quot;autoScaleSliderHeight&quot;:768}'><\/div><\/div><\/div><\/div><div class=\"wpb_column vc_column_container\"><div class=\"vc_column-inner\"><div class=\"w-separator size_medium\"><\/div><\/div><\/div><\/div><\/div><\/section><section class=\"l-section wpb_row us_custom_7dff0e06 height_medium\"><div class=\"l-section-h i-cf\"><div class=\"g-cols vc_row via_grid cols_7-5 laptops-cols_inherit tablets-cols_inherit mobiles-cols_1 valign_top type_default stacking_default\"><div class=\"wpb_column vc_column_container us_custom_6c21c073 us_animate_this\"><div class=\"vc_column-inner\"><div class=\"wpb_text_column\"><div class=\"wpb_wrapper\"><p><b>Zweizimmerappartement<\/b> f\u00fcr 2 Personen im Erdgeschoss mit herrlichem Seeblick.<br \/>\n40\u00a0m\u00b2 mit bewohnbarem Au\u00dfenbereich immer mit Blick auf den See, ein Schlafzimmer mit Doppelbett, ausgestattete K\u00fcche, Bad mit Dusche, Heizung, TV, WLAN-Internet.<\/p>\n<p>In einer Residenz mit Pool gelegen.<\/p>\n<\/div><\/div><\/div><\/div><div class=\"wpb_column vc_column_container us_custom_ba870b58 us_animate_this\"><div class=\"vc_column-inner\"><div class=\"wpb_text_column\"><div class=\"wpb_wrapper\"><p><b>Self-Check-in<\/b> ab 16:00 Uhr<br \/>\n<b>Check-out<\/b> bis 11:00 Uhr<\/p>\n<p>Kurtaxe: 1,50\u00a0\u20ac<\/p>\n<\/div><\/div><div class=\"w-separator size_small\"><\/div><div class=\"w-vwrapper align_none valign_top\"><div class=\"w-popup w-btn-wrapper align_none\"><button aria-label=\"Entdecken Sie mehr\" class=\"w-popup-trigger type_btn w-btn us-btn-style_5\"><span class=\"w-btn-label\">Entdecken Sie mehr<\/span><\/button><div class=\"w-popup-overlay\" style=\"background:rgba(136,145,131,0.70);\"><\/div><div class=\"w-popup-wrap layout_default\" style=\"--title-color:var(--color-content-heading);--title-bg-color:var(--color-header-middle-text);--content-color:var(--color-content-text);--content-bg-color:var(--color-content-bg);--popup-border-radius:15px;--popup-width:900px;--popup-padding:10%;\"><div class=\"w-popup-box animation_scaleUp closerpos_inside with_title\"><div class=\"w-popup-box-h\"><div class=\"w-popup-box-title\">Casa Selene<\/div><div class=\"w-popup-box-content\"><p><strong>40\u00a0m\u00b2 \u2013 2 G\u00e4ste<\/strong><\/p>\n<p>Schlafzimmer mit Doppelbett, Bad, Wohnzimmer und funktioneller K\u00fcche mit Gasherd, Mikrowelle, Wasserkocher, Kaffeemaschine.<br \/>\nWaschmaschine, B\u00fcgeleisen, Haartrockner, TV.<\/p>\n<p>Privater Garten an der Vorder- und R\u00fcckseite.<\/p>\n<p>Gemeinschaftspool \u2013 sch\u00f6ner Blick auf den See, kleiner Au\u00dfenbereich mit 2 Liegest\u00fchlen und Esstisch mit Seeblick.<\/p>\n<p>Autostellplatz im Innenbereich, Haustiere nicht erlaubt.<\/p>\n<\/div><div class=\"w-popup-closer\"><\/div><\/div><\/div><\/div><\/div><div class=\"w-btn-wrapper align_none\"><a class=\"w-btn us-btn-style_4\" target=\"_blank\" href=\"https:\/\/bebvistalago.it\/de\/contatti\/\"><span class=\"w-btn-label\">Anfrage<\/span><\/a><\/div><\/div><\/div><\/div><\/div><\/div><\/section><section class=\"l-section wpb_row height_medium\"><div class=\"l-section-h i-cf\"><div class=\"g-cols vc_row via_grid cols_1 laptops-cols_inherit tablets-cols_inherit mobiles-cols_1 valign_top type_default stacking_default\"><div class=\"wpb_column vc_column_container\"><div class=\"vc_column-inner\"><div class=\"w-separator size_large\"><\/div><div class=\"wpb_text_column us_custom_6c21c073 us_animate_this\"><div class=\"wpb_wrapper\"><h2>Il Bel Angolino<\/h2>\n<\/div><\/div><div class=\"w-separator size_medium with_line width_50 thick_2 style_solid color_border align_left\"><div class=\"w-separator-h\"><\/div><\/div><div class=\"wpb_text_column\"><div class=\"wpb_wrapper\"><h4>Gelegen im \u201eCondominio Margherita\u201c in der Gemeinde \u00a0Toscolano Maderno, Via Dante Alighieri 20\/A<\/h4>\n<\/div><\/div><div class=\"w-separator size_small\"><\/div><div class=\"wpb_text_column\"><div class=\"wpb_wrapper\"><p><a href=\"https:\/\/www.google.com\/maps\/dir\/\/Via+Dante+Alighieri,+20,+25088+Toscolano+Maderno+BS\/@45.6322872,10.6043552,17z\/data=!4m8!4m7!1m0!1m5!1m1!1s0x47818c7bb27fb679:0x14fd91e843fa9039!2m2!1d10.6073355!2d45.6322175?entry=ttu\" target=\"_blank\" rel=\"noopener\"><strong>Karte ansehen<\/strong><\/a><\/p>\n<\/div><\/div><div class=\"w-separator size_huge\"><\/div><div class=\"w-separator hide_on_default hide_on_laptops size_huge\"><\/div><\/div><\/div><\/div><\/div><\/section><section class=\"l-section wpb_row us_custom_bd466490 height_medium\"><div class=\"l-section-h i-cf\"><div class=\"g-cols vc_row via_grid cols_7-5 laptops-cols_inherit tablets-cols_inherit mobiles-cols_1 valign_top type_default stacking_default\"><div class=\"wpb_column vc_column_container\"><div class=\"vc_column-inner\"><div class=\"w-separator hide_on_default hide_on_laptops hide_on_tablets size_huge\"><\/div><div class=\"w-slider style_none fit_scaledown nav_dots count_6\"><div class=\"w-slider-h\"><div class=\"royalSlider\"><div class=\"rsContent\"><a class=\"rsImg\" data-rsw=\"1024\" data-rsh=\"768\" data-rsBigImg=\"https:\/\/bebvistalago.it\/wp-content\/uploads\/2024\/03\/image00008-e-1.jpg\" href=\"https:\/\/bebvistalago.it\/wp-content\/uploads\/2024\/03\/image00008-e-1-1024x768.jpg\"><span data-alt=\"\"><\/span><\/a><\/div><div class=\"rsContent\"><a class=\"rsImg\" data-rsw=\"1024\" data-rsh=\"768\" data-rsBigImg=\"https:\/\/bebvistalago.it\/wp-content\/uploads\/2024\/03\/image00007-e-2.jpg\" href=\"https:\/\/bebvistalago.it\/wp-content\/uploads\/2024\/03\/image00007-e-2-1024x768.jpg\"><span data-alt=\"\"><\/span><\/a><\/div><div class=\"rsContent\"><a class=\"rsImg\" data-rsw=\"1024\" data-rsh=\"768\" data-rsBigImg=\"https:\/\/bebvistalago.it\/wp-content\/uploads\/2024\/03\/image00001-e-1.jpg\" href=\"https:\/\/bebvistalago.it\/wp-content\/uploads\/2024\/03\/image00001-e-1-1024x768.jpg\"><span data-alt=\"\"><\/span><\/a><\/div><div class=\"rsContent\"><a class=\"rsImg\" data-rsw=\"1024\" data-rsh=\"768\" data-rsBigImg=\"https:\/\/bebvistalago.it\/wp-content\/uploads\/2024\/03\/image00012-e-1.jpg\" href=\"https:\/\/bebvistalago.it\/wp-content\/uploads\/2024\/03\/image00012-e-1-1024x768.jpg\"><span data-alt=\"\"><\/span><\/a><\/div><div class=\"rsContent\"><a class=\"rsImg\" data-rsw=\"1024\" data-rsh=\"768\" data-rsBigImg=\"https:\/\/bebvistalago.it\/wp-content\/uploads\/2024\/03\/image00015-e-2.jpg\" href=\"https:\/\/bebvistalago.it\/wp-content\/uploads\/2024\/03\/image00015-e-2-1024x768.jpg\"><span data-alt=\"\"><\/span><\/a><\/div><div class=\"rsContent\"><a class=\"rsImg\" data-rsw=\"1024\" data-rsh=\"768\" data-rsBigImg=\"https:\/\/bebvistalago.it\/wp-content\/uploads\/2024\/03\/image00006-e-2.jpg\" href=\"https:\/\/bebvistalago.it\/wp-content\/uploads\/2024\/03\/image00006-e-2-1024x768.jpg\"><span data-alt=\"\"><\/span><\/a><\/div><\/div><img decoding=\"async\" src=\"https:\/\/bebvistalago.it\/wp-content\/uploads\/2024\/03\/image00008-e-1-1024x768.jpg\" width=\"1024\" height=\"768\" alt loading=\"lazy\"><\/div><div class=\"w-slider-json\" onclick='return {&quot;autoScaleSlider&quot;:true,&quot;addActiveClass&quot;:true,&quot;loop&quot;:true,&quot;fadeInLoadedSlide&quot;:false,&quot;slidesSpacing&quot;:0,&quot;imageScalePadding&quot;:0,&quot;numImagesToPreload&quot;:2,&quot;arrowsNav&quot;:true,&quot;arrowsNavAutoHide&quot;:false,&quot;transitionType&quot;:&quot;move&quot;,&quot;transitionSpeed&quot;:250,&quot;block&quot;:{&quot;moveEffect&quot;:&quot;none&quot;,&quot;speed&quot;:300},&quot;thumbs&quot;:{&quot;fitInViewport&quot;:false,&quot;firstMargin&quot;:false,&quot;spacing&quot;:4},&quot;controlNavigation&quot;:&quot;bullets&quot;,&quot;fullscreen&quot;:{&quot;enabled&quot;:true},&quot;autoScaleSliderWidth&quot;:1024,&quot;autoScaleSliderHeight&quot;:768}'><\/div><\/div><\/div><\/div><div class=\"wpb_column vc_column_container\"><div class=\"vc_column-inner\"><\/div><\/div><\/div><\/div><\/section><section class=\"l-section wpb_row us_custom_7dff0e06 height_medium\"><div class=\"l-section-h i-cf\"><div class=\"g-cols vc_row via_grid cols_7-5 laptops-cols_inherit tablets-cols_inherit mobiles-cols_1 valign_top type_default stacking_default\"><div class=\"wpb_column vc_column_container us_custom_6c21c073 us_animate_this\"><div class=\"vc_column-inner\"><div class=\"wpb_text_column\"><div class=\"wpb_wrapper\"><p><b>Studio<\/b> f\u00fcr 2 Personen im zweiten Stock mit herrlichem Seeblick.<br \/>\n32\u00a0m\u00b2 mit kleiner Terrasse mit Blick auf den See, K\u00fcchenzeile mit ausgestatteter K\u00fcche, Bad mit Dusche, Heizung, LCD-TV, WLAN-Internet, Klimaanlage.<\/p>\n<p>Nur wenige Meter vom Seeufer und den Str\u00e4nden von Maderno entfernt<\/p>\n<\/div><\/div><\/div><\/div><div class=\"wpb_column vc_column_container us_custom_ba870b58 us_animate_this\"><div class=\"vc_column-inner\"><div class=\"wpb_text_column\"><div class=\"wpb_wrapper\"><p><b>Self-Check-in<\/b> ab 16:00 Uhr<br \/>\n<b>Check-out<\/b> bis 11:00 Uhr<\/p>\n<p>Kurtaxe: 1,00\u00a0\u20ac<\/p>\n<\/div><\/div><div class=\"w-separator size_small\"><\/div><div class=\"w-vwrapper align_none valign_top\"><div class=\"w-popup w-btn-wrapper align_none\"><button aria-label=\"Entdecken Sie mehr\" class=\"w-popup-trigger type_btn w-btn us-btn-style_5\"><span class=\"w-btn-label\">Entdecken Sie mehr<\/span><\/button><div class=\"w-popup-overlay\" style=\"background:rgba(136,145,131,0.70);\"><\/div><div class=\"w-popup-wrap layout_default\" style=\"--title-color:var(--color-content-heading);--title-bg-color:var(--color-header-middle-text);--content-color:var(--color-content-text);--content-bg-color:var(--color-content-bg);--popup-border-radius:15px;--popup-width:900px;--popup-padding:10%;\"><div class=\"w-popup-box animation_scaleUp closerpos_inside with_title\"><div class=\"w-popup-box-h\"><div class=\"w-popup-box-title\">Il Bel Angolino<\/div><div class=\"w-popup-box-content\"><p><strong>32\u00a0m\u00b2 \u2013 2 G\u00e4ste<\/strong><\/p>\n<p>Schlafsofa mit Doppelbett, Bad, Wohnzimmer und funktioneller K\u00fcche mit Gasherd, Wasserkocher, Kaffeemaschine mit Pads und Balkon mit Seeblick. Klimaanlage, Haartrockner, TV.<\/p>\n<p>Nur 50 Meter von der Seepromenade und dem Strand entfernt, in der N\u00e4he des Zentrums von Maderno<\/p>\n<p>Autostellplatz im Innenbereich, Haustiere nicht erlaubt<\/p>\n<\/div><div class=\"w-popup-closer\"><\/div><\/div><\/div><\/div><\/div><div class=\"w-btn-wrapper align_none\"><a class=\"w-btn us-btn-style_4\" target=\"_blank\" href=\"https:\/\/bebvistalago.it\/de\/contatti\/\"><span class=\"w-btn-label\">Anfrage<\/span><\/a><\/div><\/div><\/div><\/div><\/div><\/div><\/section><section class=\"l-section wpb_row height_medium\"><div class=\"l-section-h i-cf\"><div class=\"g-cols vc_row via_grid cols_1 laptops-cols_inherit tablets-cols_inherit mobiles-cols_1 valign_top type_default stacking_default\"><div class=\"wpb_column vc_column_container\"><div class=\"vc_column-inner\"><div class=\"w-separator hide_on_default hide_on_laptops hide_on_tablets size_medium\"><\/div><\/div><\/div><\/div><\/div><\/section>\n","protected":false},"excerpt":{"rendered":"Appartements Casa Selene Gelegen in der \u201eResidence Mirena\u201c in der Gemeinde Tignale, Via Pineta 11 Karte ansehen Zweizimmerappartement f\u00fcr 2 Personen im Erdgeschoss mit herrlichem Seeblick. 40\u00a0m\u00b2 mit bewohnbarem Au\u00dfenbereich immer mit Blick auf den See, ein Schlafzimmer mit Doppelbett, ausgestattete K\u00fcche, Bad mit Dusche, Heizung, TV, WLAN-Internet. In einer Residenz mit Pool gelegen. Self-Check-in...","protected":false},"author":1,"featured_media":1346,"parent":0,"menu_order":0,"comment_status":"closed","ping_status":"closed","template":"","meta":{"inline_featured_image":false,"footnotes":""},"class_list":["post-1495","page","type-page","status-publish","has-post-thumbnail","hentry"],"yoast_head":"<!-- This site is optimized with the Yoast SEO plugin v24.6 - https:\/\/yoast.com\/wordpress\/plugins\/seo\/ -->\n<title>Appartements - B&amp;B Vistalago<\/title>\n<meta name=\"robots\" content=\"index, follow, max-snippet:-1, max-image-preview:large, max-video-preview:-1\" \/>\n<link rel=\"canonical\" href=\"https:\/\/bebvistalago.it\/de\/appartements\/\" \/>\n<meta property=\"og:locale\" content=\"de_DE\" \/>\n<meta property=\"og:type\" content=\"article\" \/>\n<meta property=\"og:title\" content=\"Appartements - B&amp;B Vistalago\" \/>\n<meta property=\"og:url\" content=\"https:\/\/bebvistalago.it\/de\/appartements\/\" \/>\n<meta property=\"og:site_name\" content=\"B&amp;B Vistalago\" \/>\n<meta property=\"article:modified_time\" content=\"2024-04-04T11:56:01+00:00\" \/>\n<meta property=\"og:image\" content=\"https:\/\/bebvistalago.it\/wp-content\/uploads\/2024\/03\/image00017-e-scaled.jpg\" \/>\n\t<meta property=\"og:image:width\" content=\"2560\" \/>\n\t<meta property=\"og:image:height\" content=\"1920\" \/>\n\t<meta property=\"og:image:type\" content=\"image\/jpeg\" \/>\n<meta name=\"twitter:card\" content=\"summary_large_image\" \/>\n<meta name=\"twitter:label1\" content=\"Gesch\u00e4tzte Lesezeit\" \/>\n\t<meta name=\"twitter:data1\" content=\"4\u00a0Minuten\" \/>\n<script type=\"application\/ld+json\" class=\"yoast-schema-graph\">{\"@context\":\"https:\/\/schema.org\",\"@graph\":[{\"@type\":\"WebPage\",\"@id\":\"https:\/\/bebvistalago.it\/de\/appartements\/\",\"url\":\"https:\/\/bebvistalago.it\/de\/appartements\/\",\"name\":\"Appartements - B&amp;B Vistalago\",\"isPartOf\":{\"@id\":\"https:\/\/bebvistalago.it\/#website\"},\"primaryImageOfPage\":{\"@id\":\"https:\/\/bebvistalago.it\/de\/appartements\/#primaryimage\"},\"image\":{\"@id\":\"https:\/\/bebvistalago.it\/de\/appartements\/#primaryimage\"},\"thumbnailUrl\":\"https:\/\/bebvistalago.it\/wp-content\/uploads\/2024\/03\/image00017-e-scaled.jpg\",\"datePublished\":\"2024-02-28T09:00:19+00:00\",\"dateModified\":\"2024-04-04T11:56:01+00:00\",\"breadcrumb\":{\"@id\":\"https:\/\/bebvistalago.it\/de\/appartements\/#breadcrumb\"},\"inLanguage\":\"de\",\"potentialAction\":[{\"@type\":\"ReadAction\",\"target\":[\"https:\/\/bebvistalago.it\/de\/appartements\/\"]}]},{\"@type\":\"ImageObject\",\"inLanguage\":\"de\",\"@id\":\"https:\/\/bebvistalago.it\/de\/appartements\/#primaryimage\",\"url\":\"https:\/\/bebvistalago.it\/wp-content\/uploads\/2024\/03\/image00017-e-scaled.jpg\",\"contentUrl\":\"https:\/\/bebvistalago.it\/wp-content\/uploads\/2024\/03\/image00017-e-scaled.jpg\",\"width\":2560,\"height\":1920},{\"@type\":\"BreadcrumbList\",\"@id\":\"https:\/\/bebvistalago.it\/de\/appartements\/#breadcrumb\",\"itemListElement\":[{\"@type\":\"ListItem\",\"position\":1,\"name\":\"Home\",\"item\":\"https:\/\/bebvistalago.it\/de\/\"},{\"@type\":\"ListItem\",\"position\":2,\"name\":\"Appartements\"}]},{\"@type\":\"WebSite\",\"@id\":\"https:\/\/bebvistalago.it\/#website\",\"url\":\"https:\/\/bebvistalago.it\/\",\"name\":\"B&amp;B Vistalago\",\"description\":\"B&amp;B Vistalago\",\"potentialAction\":[{\"@type\":\"SearchAction\",\"target\":{\"@type\":\"EntryPoint\",\"urlTemplate\":\"https:\/\/bebvistalago.it\/?s={search_term_string}\"},\"query-input\":{\"@type\":\"PropertyValueSpecification\",\"valueRequired\":true,\"valueName\":\"search_term_string\"}}],\"inLanguage\":\"de\"}]}<\/script>\n<!-- \/ Yoast SEO plugin. -->","yoast_head_json":{"title":"Appartements - B&amp;B Vistalago","robots":{"index":"index","follow":"follow","max-snippet":"max-snippet:-1","max-image-preview":"max-image-preview:large","max-video-preview":"max-video-preview:-1"},"canonical":"https:\/\/bebvistalago.it\/de\/appartements\/","og_locale":"de_DE","og_type":"article","og_title":"Appartements - B&amp;B Vistalago","og_url":"https:\/\/bebvistalago.it\/de\/appartements\/","og_site_name":"B&amp;B Vistalago","article_modified_time":"2024-04-04T11:56:01+00:00","og_image":[{"width":2560,"height":1920,"url":"https:\/\/bebvistalago.it\/wp-content\/uploads\/2024\/03\/image00017-e-scaled.jpg","type":"image\/jpeg"}],"twitter_card":"summary_large_image","twitter_misc":{"Gesch\u00e4tzte Lesezeit":"4\u00a0Minuten"},"schema":{"@context":"https:\/\/schema.org","@graph":[{"@type":"WebPage","@id":"https:\/\/bebvistalago.it\/de\/appartements\/","url":"https:\/\/bebvistalago.it\/de\/appartements\/","name":"Appartements - B&amp;B Vistalago","isPartOf":{"@id":"https:\/\/bebvistalago.it\/#website"},"primaryImageOfPage":{"@id":"https:\/\/bebvistalago.it\/de\/appartements\/#primaryimage"},"image":{"@id":"https:\/\/bebvistalago.it\/de\/appartements\/#primaryimage"},"thumbnailUrl":"https:\/\/bebvistalago.it\/wp-content\/uploads\/2024\/03\/image00017-e-scaled.jpg","datePublished":"2024-02-28T09:00:19+00:00","dateModified":"2024-04-04T11:56:01+00:00","breadcrumb":{"@id":"https:\/\/bebvistalago.it\/de\/appartements\/#breadcrumb"},"inLanguage":"de","potentialAction":[{"@type":"ReadAction","target":["https:\/\/bebvistalago.it\/de\/appartements\/"]}]},{"@type":"ImageObject","inLanguage":"de","@id":"https:\/\/bebvistalago.it\/de\/appartements\/#primaryimage","url":"https:\/\/bebvistalago.it\/wp-content\/uploads\/2024\/03\/image00017-e-scaled.jpg","contentUrl":"https:\/\/bebvistalago.it\/wp-content\/uploads\/2024\/03\/image00017-e-scaled.jpg","width":2560,"height":1920},{"@type":"BreadcrumbList","@id":"https:\/\/bebvistalago.it\/de\/appartements\/#breadcrumb","itemListElement":[{"@type":"ListItem","position":1,"name":"Home","item":"https:\/\/bebvistalago.it\/de\/"},{"@type":"ListItem","position":2,"name":"Appartements"}]},{"@type":"WebSite","@id":"https:\/\/bebvistalago.it\/#website","url":"https:\/\/bebvistalago.it\/","name":"B&amp;B Vistalago","description":"B&amp;B Vistalago","potentialAction":[{"@type":"SearchAction","target":{"@type":"EntryPoint","urlTemplate":"https:\/\/bebvistalago.it\/?s={search_term_string}"},"query-input":{"@type":"PropertyValueSpecification","valueRequired":true,"valueName":"search_term_string"}}],"inLanguage":"de"}]}},"_links":{"self":[{"href":"https:\/\/bebvistalago.it\/de\/wp-json\/wp\/v2\/pages\/1495","targetHints":{"allow":["GET"]}}],"collection":[{"href":"https:\/\/bebvistalago.it\/de\/wp-json\/wp\/v2\/pages"}],"about":[{"href":"https:\/\/bebvistalago.it\/de\/wp-json\/wp\/v2\/types\/page"}],"author":[{"embeddable":true,"href":"https:\/\/bebvistalago.it\/de\/wp-json\/wp\/v2\/users\/1"}],"replies":[{"embeddable":true,"href":"https:\/\/bebvistalago.it\/de\/wp-json\/wp\/v2\/comments?post=1495"}],"version-history":[{"count":5,"href":"https:\/\/bebvistalago.it\/de\/wp-json\/wp\/v2\/pages\/1495\/revisions"}],"predecessor-version":[{"id":1574,"href":"https:\/\/bebvistalago.it\/de\/wp-json\/wp\/v2\/pages\/1495\/revisions\/1574"}],"wp:featuredmedia":[{"embeddable":true,"href":"https:\/\/bebvistalago.it\/de\/wp-json\/wp\/v2\/media\/1346"}],"wp:attachment":[{"href":"https:\/\/bebvistalago.it\/de\/wp-json\/wp\/v2\/media?parent=1495"}],"curies":[{"name":"wp","href":"https:\/\/api.w.org\/{rel}","templated":true}]}}